{"id":17,"date":"2019-09-01T21:41:56","date_gmt":"2019-09-01T19:41:56","guid":{"rendered":"http:\/\/pracownia-alternatywa.home.pl\/autoinstalator\/wordpress10\/?page_id=17"},"modified":"2022-07-03T19:38:37","modified_gmt":"2022-07-03T17:38:37","slug":"rodo","status":"publish","type":"page","link":"http:\/\/motylarnia.edu.pl\/index.php\/rodo\/","title":{"rendered":"RODO"},"content":{"rendered":"\n<p><strong>Szanowne Panie!<\/strong><\/p>\n\n\n\n<p>W zwi\u0105zku ze zmianami w przepisach dotycz\u0105cych ochrony danych \nosobowych, przekazujemy zaktualizowane informacje w zakresie \nprzetwarzania danych nale\u017c\u0105cych do Pa\u0144. Jeste\u015bcie zarejestrowane w \nnaszej bazie klient\u00f3w Motylarni ze wzgl\u0119du na to, \u017ce bra\u0142y\u015bcie udzia\u0142 w \nproponowanych przez nas formach lub bierzecie w nich udzia\u0142 obecnie. \nZale\u017cy nam, \u017ceby\u015bcie dysponowa\u0142y pe\u0142n\u0105 wiedz\u0105 na temat tego, jak i po co\n przetwarzamy dane nale\u017c\u0105ce do Was. Zach\u0119camy do zapoznania si\u0119 z \nponi\u017csz\u0105 informacj\u0105, a w razie w\u0105tpliwo\u015bci prosimy o kontakt!<\/p>\n\n\n\n<p>Przypominamy, \u017ce <strong>administratorem Pa\u0144 danych<\/strong> jako \nklient\u00f3w Motylarni jest Motylarnia. O\u015brodek Rozwoju Osobistego i \nZawodowego dla Kobiet z siedzib\u0105 w Toruniu (87-100), ul. Szeroka 41\/2.<\/p>\n\n\n\n<p><strong>Mo\u017cecie skontaktowa\u0107 si\u0119 z nami na wiele sposob\u00f3w,<\/strong> tj.:<\/p>\n\n\n\n<ul class=\"wp-block-list\"><li>listownie: Motylarnia. O\u015brodek Rozwoju Osobistego i Zawodowego dla Kobiet, ul. Szeroka 41\/2, 87-100 Toru\u0144<\/li><li>e-mailem na adres: kontakt@motylarnia.edu.pl<\/li><li>korzystaj\u0105c z formularza zg\u0142oszeniowego na stronie www.motylarnia.edu.pl<\/li><\/ul>\n\n\n\n<p>Od 25 maja 2018 roku <strong>przys\u0142uguje Paniom prawo<\/strong> \ndost\u0119pu do danych, ich poprawiania, \u017c\u0105dania ich usuni\u0119cia, ograniczenia \nprzetwarzania oraz prawo do przenoszenia danych. Je\u017celi przetwarzanie \ndanych budzi w\u0105tpliwo\u015bci, mo\u017cecie wnie\u015b\u0107 skarg\u0119 do administratora \ndanych.<\/p>\n\n\n\n<p><strong>Dane przetwarzamy w nast\u0119puj\u0105cych celach:<\/strong><\/p>\n\n\n\n<ol class=\"wp-block-list\"><li>Prowadzenia dokumentacji z form, w kt\u00f3rych bierzecie Panie udzia\u0142 \n(warsztaty, terapie, konsultacje) w postaci kart klient\u00f3w, list \nobecno\u015bci.<\/li><li>Komunikowania si\u0119 z Paniami w celu ustalania termin\u00f3w prowadzonych przez nas form z wykorzystaniem sms\u00f3w, emaili, telefon\u00f3w<\/li><li>Informowania o prowadzonych przez nas formach, w kt\u00f3rych nie bierzecie udzia\u0142u, a kt\u00f3re odbywaj\u0105 si\u0119 u nas.<\/li><li>Wystawiania faktur, za\u015bwiadcze\u0144, certyfikat\u00f3w<\/li><li>Ksi\u0119gowych i bankowych wynikaj\u0105cych z odr\u0119bnych przepis\u00f3w<\/li><\/ol>\n\n\n\n<p><strong>Podanie danych do kontaktu jest zawsze dobrowolne<\/strong>, ale niezb\u0119dne do prowadzenia us\u0142ug, kt\u00f3re oferujemy.<\/p>\n\n\n\n<p><strong>Pa\u0144stwa dane przetwarzamy na podstawie<\/strong> art. 6 ust. 1\n lit. b Rozporz\u0105dzenia 2016\/679 Parlamentu Europejskiego i Rady z dnia \n27 kwietnia 2016 r. w sprawie ochrony os\u00f3b fizycznych w zwi\u0105zku z \nprzetwarzaniem danych osobowych i w sprawie swobodnego przep\u0142ywu takich \ndanych oraz uchylenia dyrektywy 95\/46\/WE (og\u00f3lne rozporz\u0105dzenie o \nochronie danych) \u2013 dalej: RODO. Je\u017celi wyrazi\u0142y\u015bcie lub wyrazicie Panie \nzgod\u0119 na otrzymywanie komunikat\u00f3w o propozycjach prowadzonych przez nas \nformach r\u00f3wnie\u017c na Pa\u0144stwa adres e-mail, to podstaw\u0105 prawn\u0105 jest tak\u017ce \nart. 10 ustawy o \u015bwiadczeniu us\u0142ug drog\u0105 elektroniczn\u0105 oraz art. 172 \nustawy Prawo telekomunikacyjne.<\/p>\n\n\n\n<p><strong>Pa\u0144stwa dane w ramach dzia\u0142alno\u015bci Motylarni przetwarzamy samodzielnie.<\/strong> Nie przekazujemy ich innym podmiotom, w tym poza Europejski Obszar Gospodarczy, czyli do pa\u0144stwa trzeciego.<\/p>\n\n\n\n<p><strong>Pa\u0144stwa dane przetwarzamy przez czas:<\/strong><\/p>\n\n\n\n<ol class=\"wp-block-list\"><li>Udzielania us\u0142ugi, kt\u00f3r\u0105 Panie wybra\u0142y\u015bcie w ramach Motylarni<\/li><li>Niezb\u0119dny dla realizacji obowi\u0105zk\u00f3w ksi\u0119gowych zwi\u0105zanych z \nodr\u0119bnymi przepisami prawa, a tak\u017ce przez czas odpowiadaj\u0105cy d\u0142ugo\u015bci \nterminu przedawnienia roszcze\u0144 zwi\u0105zanych z us\u0142ug\u0105.<\/li><li>Prowadzenia dzia\u0142a\u0144 marketingowych przez nas albo do odwo\u0142ania zgody\n na wysy\u0142anie takich wiadomo\u015bci lub wniesienia sprzeciwu wzgl\u0119dem \ntakiego przetwarzania. Ka\u017cd\u0105 z wyra\u017conych zg\u00f3d mo\u017cna wycofa\u0107 w dowolnym \nmomencie. Odwo\u0142anie przez Panie zgody nie wp\u0142ywa na zgodno\u015b\u0107 z prawem \nprzetwarzania przed jej wycofaniem. Dla cel\u00f3w dowodowych Motylarnia \nprosi o wycofywanie zg\u00f3d drog\u0105 pisemn\u0105 lub elektroniczn\u0105.<\/li><\/ol>\n\n\n\n<p>Posiadaj\u0105 Panie prawo do&nbsp; dost\u0119pu do tre\u015bci danych osobowych, w tym \n\u017c\u0105dania wydania ich kopii oraz \u017c\u0105dania ich sprostowania,&nbsp; usuni\u0119cia \ndanych osobowych (prawo do bycia zapomnianym),&nbsp; ograniczenia \nprzetwarzania danych osobowych, prawo wniesienia sprzeciwu wzgl\u0119dem \nprzetwarzania danych osobowych. Przys\u0142uguje Paniom prawo wniesienia \nskargi do Prezesa Urz\u0119du Ochrony Danych Osobowych, gdy uznacie, \u017ce \nprzetwarzanie danych osobowych narusza przepisy RODO.<\/p>\n\n\n\n<p><strong>Pami\u0119tajcie Panie, \u017ce informacje na temat przetwarzania \ndanych osobowych mo\u017cna znale\u017a\u0107 na stronie Motylarni pod adresem \nwww.motylarnia.edu.pl<\/strong><\/p>\n\n\n\n<p>Zmiany obowi\u0105zuj\u0105 od 25 maja 2018 r. i nie maj\u0105 wp\u0142ywu na Pani korzystanie z naszych us\u0142ug.<\/p>\n\n\n\n<p><strong>Pozdrawiamy<\/strong><\/p>\n\n\n\n<p><strong>Zesp\u00f3\u0142 Motylarni<\/strong><\/p>\n","protected":false},"excerpt":{"rendered":"<p>Szanowne Panie! W zwi\u0105zku ze zmianami w przepisach dotycz\u0105cych ochrony danych osobowych, przekazujemy zaktualizowane informacje w zakresie przetwarzania danych nale\u017c\u0105cych<\/p>\n","protected":false},"author":1,"featured_media":0,"parent":0,"menu_order":0,"comment_status":"closed","ping_status":"closed","template":"","meta":{"footnotes":""},"class_list":["post-17","page","type-page","status-publish","hentry"],"_links":{"self":[{"href":"http:\/\/motylarnia.edu.pl\/index.php\/wp-json\/wp\/v2\/pages\/17","targetHints":{"allow":["GET"]}}],"collection":[{"href":"http:\/\/motylarnia.edu.pl\/index.php\/wp-json\/wp\/v2\/pages"}],"about":[{"href":"http:\/\/motylarnia.edu.pl\/index.php\/wp-json\/wp\/v2\/types\/page"}],"author":[{"embeddable":true,"href":"http:\/\/motylarnia.edu.pl\/index.php\/wp-json\/wp\/v2\/users\/1"}],"replies":[{"embeddable":true,"href":"http:\/\/motylarnia.edu.pl\/index.php\/wp-json\/wp\/v2\/comments?post=17"}],"version-history":[{"count":2,"href":"http:\/\/motylarnia.edu.pl\/index.php\/wp-json\/wp\/v2\/pages\/17\/revisions"}],"predecessor-version":[{"id":62,"href":"http:\/\/motylarnia.edu.pl\/index.php\/wp-json\/wp\/v2\/pages\/17\/revisions\/62"}],"wp:attachment":[{"href":"http:\/\/motylarnia.edu.pl\/index.php\/wp-json\/wp\/v2\/media?parent=17"}],"curies":[{"name":"wp","href":"https:\/\/api.w.org\/{rel}","templated":true}]}}